{"id":38535,"date":"2023-11-21T12:56:38","date_gmt":"2023-11-21T11:56:38","guid":{"rendered":"https:\/\/festivita.be\/festivita24\/programma\/winnaars-premiere-2023-la-voix-de-lame\/"},"modified":"2023-12-11T09:23:58","modified_gmt":"2023-12-11T08:23:58","slug":"winnaars-premiere-2023-la-voix-de-lame","status":"publish","type":"page","link":"https:\/\/festivita.be\/nl\/festivita24\/programma\/winnaars-premiere-2023-la-voix-de-lame\/","title":{"rendered":"Winnaars Premi\u00e8re 2023. La Voix de l&#8217;\u00c2me"},"content":{"rendered":"\n<h4 class=\"wp-block-heading has-text-align-center\" id=\"block-408db3a8-3a9e-41ac-9d79-5e57311ab68d\">Vrijdag 16 februari<br>18:00<br>Opening + concert La Voix de l&#8217;\u00c2me<\/h4>\n\n\n\n<figure class=\"wp-block-image size-large\"><img loading=\"lazy\" decoding=\"async\" width=\"1024\" height=\"683\" src=\"http:\/\/festivita.be\/wp-content\/uploads\/2023\/11\/FestiVita-la-voix-de-l-ame-1024x683.jpg\" alt=\"\" class=\"wp-image-38224\" srcset=\"https:\/\/festivita.be\/wp-content\/uploads\/2023\/11\/FestiVita-la-voix-de-l-ame-1024x683.jpg 1024w, https:\/\/festivita.be\/wp-content\/uploads\/2023\/11\/FestiVita-la-voix-de-l-ame-300x200.jpg 300w, https:\/\/festivita.be\/wp-content\/uploads\/2023\/11\/FestiVita-la-voix-de-l-ame-768x512.jpg 768w, https:\/\/festivita.be\/wp-content\/uploads\/2023\/11\/FestiVita-la-voix-de-l-ame-1536x1024.jpg 1536w, https:\/\/festivita.be\/wp-content\/uploads\/2023\/11\/FestiVita-la-voix-de-l-ame-2048x1365.jpg 2048w\" sizes=\"auto, (max-width: 1024px) 100vw, 1024px\" \/><figcaption class=\"wp-element-caption\">\u00a9Malou Van den Heuvel<\/figcaption><\/figure>\n\n\n\n<h4 class=\"wp-block-heading\" id=\"block-42a7329d-2fdc-4b33-83ed-45dc10adcbfb\">De Paris \u00e0 Bruxelles : La Fin de l\u2019Ancien R\u00e9gime<\/h4>\n\n\n\n<p>Doodsbang&nbsp; door de verschrikkingen van de Franse Revolutie slaagt een adellijk koppel erin Frankrijk te ontvluchten en asiel aan te vragen in Belgi\u00eb. Eenmaal ter plaatse vertellen ze over de gebeurtenissen van deze gedenkwaardige en paradoxale episode: de momenten van nostalgie naar patriottisme, de discussies over vrijheid en de zoektocht naar een nieuw land. Ze tonen de dualiteit en de contrasten van deze opstand. Geconfronteerd met de onstabiele situatie die ook in Brussel heerst, overdenken de protagonisten hun lot&#8230;<\/p>\n\n\n\n<p>Met Het samenspel van het muzikaal verhaal en de theatrale voorstelling , afgewisseld met instrumentale intermezzo&#8217;s op de pianoforte, hadden we een concert voor ogen dat niet alleen leerrijk &#8211; met waargebeurde feiten en muzikale curiosa &#8211; maar ook historisch ge\u00efnspireerd is en gebaseerd op het enorme scala aan artistieke bronnen en interpretatieve praktijken van die periode.<\/p>\n\n\n\n<p>Het ensemble La Voix de L&#8217;\u00e2me nodigt u uit om mee te gaan op deze reis, die voornamelijk ge\u00efnspireerd is op een prachtig Frans-Belgisch repertoire dat vrijwel onontgonnen is.<\/p>\n\n\n\n<p class=\"has-text-align-right\"><strong>Bianca Alves<\/strong>, zang<br><strong>Vasco Pereira<\/strong>, pianoforte<br><\/p>\n\n\n\n<h4 class=\"wp-block-heading\" id=\"block-aa444704-d10f-4d14-a452-b673ffc0193a\">Biografie\u00ebn<\/h4>\n\n\n\n<h4 class=\"wp-block-heading\" id=\"block-34f588fb-1261-48f9-8682-f29b611f11c9\">La Voix de l&#8217;\u00c2me<\/h4>\n\n\n\n<p>La Voix de L\u2019\u00e2me is een jong en productief ensemble dat zich inzet voor het herstel en de opwaardering van het Europese muzikale erfgoed, vooral van de oude muziek<\/p>\n\n\n\n<p>Na jaren van muzikale uitwisseling tussen de artiesten, zowel academisch als professioneel, debuteerde La Voix de L&#8217;\u00e2me in 2019 in Portugal, met verschillende formaties en flexibele samenstellingen. Sindsdien heeft het ensemble een reeks concerten gegeven in Lissabon (Nationaal Muziekmuseum), Porto (Casa das Artes) en Brussel (Cercle Royal Gaulois Artistique &amp; Litt\u00e9raire en Mus\u00e9e des Instruments de Musique). Het project werd geboren uit de grote passie van de muzikanten die zich toeleggen op het interpreteren van een uitgebreid repertoire uit de 17e tot de late 18e eeuw.<\/p>\n\n\n\n<p>La Voix de L&#8217;\u00e2me, momenteel gevestigd in Belgi\u00eb, bestaat uit musici met verschillende achtergronden, maar \u00e9\u00e9n ding hebben ze gemeen: een opleiding in barok- en klassieke muziek, met bijzondere aandacht voor een historisch ge\u00efnformeerde interpretatie. Hun constante pedagogische focus volgt een logica van educatie en culturele bemiddeling, in het bijzonder door de contextualisering van hun programma&#8217;s, waarbij ze een nauwe band met het publiek nastreven.<\/p>\n","protected":false},"excerpt":{"rendered":"<p>Vrijdag 16 februari18:00Opening + concert La Voix de l&#8217;\u00c2me De Paris \u00e0 Bruxelles : La Fin de l\u2019Ancien R\u00e9gime Doodsbang&nbsp; door de verschrikkingen van de Franse Revolutie slaagt een adellijk koppel erin Frankrijk te ontvluchten en asiel aan te vragen in Belgi\u00eb. Eenmaal ter plaatse vertellen ze over de gebeurtenissen van deze gedenkwaardige en paradoxale [&hellip;]<\/p>\n","protected":false},"author":2,"featured_media":0,"parent":38502,"menu_order":0,"comment_status":"closed","ping_status":"closed","template":"","meta":{"_acf_changed":false,"_themeisle_gutenberg_block_has_review":false,"footnotes":""},"class_list":["post-38535","page","type-page","status-publish","hentry"],"acf":[],"yoast_head":"<!-- This site is optimized with the Yoast SEO plugin v27.2 - https:\/\/yoast.com\/product\/yoast-seo-wordpress\/ -->\n<title>Winnaars Premi\u00e8re 2023. La Voix de l&#039;\u00c2me - FestiVita!<\/title>\n<meta name=\"robots\" content=\"index, follow, max-snippet:-1, max-image-preview:large, max-video-preview:-1\" \/>\n<link rel=\"canonical\" href=\"https:\/\/festivita.be\/nl\/festivita24\/programma\/winnaars-premiere-2023-la-voix-de-lame\/\" \/>\n<meta property=\"og:locale\" content=\"nl_NL\" \/>\n<meta property=\"og:type\" content=\"article\" \/>\n<meta property=\"og:title\" content=\"Winnaars Premi\u00e8re 2023. La Voix de l&#039;\u00c2me - FestiVita!\" \/>\n<meta property=\"og:description\" content=\"Vrijdag 16 februari18:00Opening + concert La Voix de l&#8217;\u00c2me De Paris \u00e0 Bruxelles : La Fin de l\u2019Ancien R\u00e9gime Doodsbang&nbsp; door de verschrikkingen van de Franse Revolutie slaagt een adellijk koppel erin Frankrijk te ontvluchten en asiel aan te vragen in Belgi\u00eb. Eenmaal ter plaatse vertellen ze over de gebeurtenissen van deze gedenkwaardige en paradoxale [&hellip;]\" \/>\n<meta property=\"og:url\" content=\"https:\/\/festivita.be\/nl\/festivita24\/programma\/winnaars-premiere-2023-la-voix-de-lame\/\" \/>\n<meta property=\"og:site_name\" content=\"FestiVita!\" \/>\n<meta property=\"article:publisher\" content=\"https:\/\/www.facebook.com\/FestiVita-Brussels-Early-Music-Festival-102508725164674\/about\/?ref=page_internal\" \/>\n<meta property=\"article:modified_time\" content=\"2023-12-11T08:23:58+00:00\" \/>\n<meta property=\"og:image\" content=\"http:\/\/festivita.be\/wp-content\/uploads\/2023\/11\/FestiVita-la-voix-de-l-ame-1024x683.jpg\" \/>\n<meta name=\"twitter:card\" content=\"summary_large_image\" \/>\n<meta name=\"twitter:label1\" content=\"Geschatte leestijd\" \/>\n\t<meta name=\"twitter:data1\" content=\"3 minuten\" \/>\n<script type=\"application\/ld+json\" class=\"yoast-schema-graph\">{\"@context\":\"https:\/\/schema.org\",\"@graph\":[{\"@type\":\"WebPage\",\"@id\":\"https:\/\/festivita.be\/nl\/festivita24\/programma\/winnaars-premiere-2023-la-voix-de-lame\/\",\"url\":\"https:\/\/festivita.be\/nl\/festivita24\/programma\/winnaars-premiere-2023-la-voix-de-lame\/\",\"name\":\"Winnaars Premi\u00e8re 2023. La Voix de l'\u00c2me - FestiVita!\",\"isPartOf\":{\"@id\":\"https:\/\/festivita.be\/nl\/#website\"},\"primaryImageOfPage\":{\"@id\":\"https:\/\/festivita.be\/nl\/festivita24\/programma\/winnaars-premiere-2023-la-voix-de-lame\/#primaryimage\"},\"image\":{\"@id\":\"https:\/\/festivita.be\/nl\/festivita24\/programma\/winnaars-premiere-2023-la-voix-de-lame\/#primaryimage\"},\"thumbnailUrl\":\"http:\/\/festivita.be\/wp-content\/uploads\/2023\/11\/FestiVita-la-voix-de-l-ame-1024x683.jpg\",\"datePublished\":\"2023-11-21T11:56:38+00:00\",\"dateModified\":\"2023-12-11T08:23:58+00:00\",\"breadcrumb\":{\"@id\":\"https:\/\/festivita.be\/nl\/festivita24\/programma\/winnaars-premiere-2023-la-voix-de-lame\/#breadcrumb\"},\"inLanguage\":\"nl-NL\",\"potentialAction\":[{\"@type\":\"ReadAction\",\"target\":[\"https:\/\/festivita.be\/nl\/festivita24\/programma\/winnaars-premiere-2023-la-voix-de-lame\/\"]}]},{\"@type\":\"ImageObject\",\"inLanguage\":\"nl-NL\",\"@id\":\"https:\/\/festivita.be\/nl\/festivita24\/programma\/winnaars-premiere-2023-la-voix-de-lame\/#primaryimage\",\"url\":\"http:\/\/festivita.be\/wp-content\/uploads\/2023\/11\/FestiVita-la-voix-de-l-ame-1024x683.jpg\",\"contentUrl\":\"http:\/\/festivita.be\/wp-content\/uploads\/2023\/11\/FestiVita-la-voix-de-l-ame-1024x683.jpg\"},{\"@type\":\"BreadcrumbList\",\"@id\":\"https:\/\/festivita.be\/nl\/festivita24\/programma\/winnaars-premiere-2023-la-voix-de-lame\/#breadcrumb\",\"itemListElement\":[{\"@type\":\"ListItem\",\"position\":1,\"name\":\"Accueil\",\"item\":\"https:\/\/festivita.be\/nl\/\"},{\"@type\":\"ListItem\",\"position\":2,\"name\":\"FESTIVITA! 2024\",\"item\":\"https:\/\/festivita.be\/nl\/festivita24\/\"},{\"@type\":\"ListItem\",\"position\":3,\"name\":\"Programma FestiVita! 2024\",\"item\":\"https:\/\/festivita.be\/nl\/festivita24\/programme\/\"},{\"@type\":\"ListItem\",\"position\":4,\"name\":\"Winnaars Premi\u00e8re 2023. La Voix de l&#8217;\u00c2me\"}]},{\"@type\":\"WebSite\",\"@id\":\"https:\/\/festivita.be\/nl\/#website\",\"url\":\"https:\/\/festivita.be\/nl\/\",\"name\":\"FestiVita!\",\"description\":\"Brussels Early Music Festival\",\"publisher\":{\"@id\":\"https:\/\/festivita.be\/nl\/#organization\"},\"potentialAction\":[{\"@type\":\"SearchAction\",\"target\":{\"@type\":\"EntryPoint\",\"urlTemplate\":\"https:\/\/festivita.be\/nl\/?s={search_term_string}\"},\"query-input\":{\"@type\":\"PropertyValueSpecification\",\"valueRequired\":true,\"valueName\":\"search_term_string\"}}],\"inLanguage\":\"nl-NL\"},{\"@type\":\"Organization\",\"@id\":\"https:\/\/festivita.be\/nl\/#organization\",\"name\":\"Festivita\",\"url\":\"https:\/\/festivita.be\/nl\/\",\"logo\":{\"@type\":\"ImageObject\",\"inLanguage\":\"nl-NL\",\"@id\":\"https:\/\/festivita.be\/nl\/#\/schema\/logo\/image\/\",\"url\":\"https:\/\/festivita.be\/wp-content\/uploads\/2020\/10\/festivita-2-logo.jpg\",\"contentUrl\":\"https:\/\/festivita.be\/wp-content\/uploads\/2020\/10\/festivita-2-logo.jpg\",\"width\":887,\"height\":400,\"caption\":\"Festivita\"},\"image\":{\"@id\":\"https:\/\/festivita.be\/nl\/#\/schema\/logo\/image\/\"},\"sameAs\":[\"https:\/\/www.facebook.com\/FestiVita-Brussels-Early-Music-Festival-102508725164674\/about\/?ref=page_internal\",\"https:\/\/www.instagram.com\/festivita_be\/\",\"https:\/\/www.youtube.com\/channel\/UC_hlu4NfyE2QYXIYy-3EiVQ\"]}]}<\/script>\n<!-- \/ Yoast SEO plugin. -->","yoast_head_json":{"title":"Winnaars Premi\u00e8re 2023. La Voix de l'\u00c2me - FestiVita!","robots":{"index":"index","follow":"follow","max-snippet":"max-snippet:-1","max-image-preview":"max-image-preview:large","max-video-preview":"max-video-preview:-1"},"canonical":"https:\/\/festivita.be\/nl\/festivita24\/programma\/winnaars-premiere-2023-la-voix-de-lame\/","og_locale":"nl_NL","og_type":"article","og_title":"Winnaars Premi\u00e8re 2023. La Voix de l'\u00c2me - FestiVita!","og_description":"Vrijdag 16 februari18:00Opening + concert La Voix de l&#8217;\u00c2me De Paris \u00e0 Bruxelles : La Fin de l\u2019Ancien R\u00e9gime Doodsbang&nbsp; door de verschrikkingen van de Franse Revolutie slaagt een adellijk koppel erin Frankrijk te ontvluchten en asiel aan te vragen in Belgi\u00eb. Eenmaal ter plaatse vertellen ze over de gebeurtenissen van deze gedenkwaardige en paradoxale [&hellip;]","og_url":"https:\/\/festivita.be\/nl\/festivita24\/programma\/winnaars-premiere-2023-la-voix-de-lame\/","og_site_name":"FestiVita!","article_publisher":"https:\/\/www.facebook.com\/FestiVita-Brussels-Early-Music-Festival-102508725164674\/about\/?ref=page_internal","article_modified_time":"2023-12-11T08:23:58+00:00","og_image":[{"url":"http:\/\/festivita.be\/wp-content\/uploads\/2023\/11\/FestiVita-la-voix-de-l-ame-1024x683.jpg","type":"","width":"","height":""}],"twitter_card":"summary_large_image","twitter_misc":{"Geschatte leestijd":"3 minuten"},"schema":{"@context":"https:\/\/schema.org","@graph":[{"@type":"WebPage","@id":"https:\/\/festivita.be\/nl\/festivita24\/programma\/winnaars-premiere-2023-la-voix-de-lame\/","url":"https:\/\/festivita.be\/nl\/festivita24\/programma\/winnaars-premiere-2023-la-voix-de-lame\/","name":"Winnaars Premi\u00e8re 2023. La Voix de l'\u00c2me - FestiVita!","isPartOf":{"@id":"https:\/\/festivita.be\/nl\/#website"},"primaryImageOfPage":{"@id":"https:\/\/festivita.be\/nl\/festivita24\/programma\/winnaars-premiere-2023-la-voix-de-lame\/#primaryimage"},"image":{"@id":"https:\/\/festivita.be\/nl\/festivita24\/programma\/winnaars-premiere-2023-la-voix-de-lame\/#primaryimage"},"thumbnailUrl":"http:\/\/festivita.be\/wp-content\/uploads\/2023\/11\/FestiVita-la-voix-de-l-ame-1024x683.jpg","datePublished":"2023-11-21T11:56:38+00:00","dateModified":"2023-12-11T08:23:58+00:00","breadcrumb":{"@id":"https:\/\/festivita.be\/nl\/festivita24\/programma\/winnaars-premiere-2023-la-voix-de-lame\/#breadcrumb"},"inLanguage":"nl-NL","potentialAction":[{"@type":"ReadAction","target":["https:\/\/festivita.be\/nl\/festivita24\/programma\/winnaars-premiere-2023-la-voix-de-lame\/"]}]},{"@type":"ImageObject","inLanguage":"nl-NL","@id":"https:\/\/festivita.be\/nl\/festivita24\/programma\/winnaars-premiere-2023-la-voix-de-lame\/#primaryimage","url":"http:\/\/festivita.be\/wp-content\/uploads\/2023\/11\/FestiVita-la-voix-de-l-ame-1024x683.jpg","contentUrl":"http:\/\/festivita.be\/wp-content\/uploads\/2023\/11\/FestiVita-la-voix-de-l-ame-1024x683.jpg"},{"@type":"BreadcrumbList","@id":"https:\/\/festivita.be\/nl\/festivita24\/programma\/winnaars-premiere-2023-la-voix-de-lame\/#breadcrumb","itemListElement":[{"@type":"ListItem","position":1,"name":"Accueil","item":"https:\/\/festivita.be\/nl\/"},{"@type":"ListItem","position":2,"name":"FESTIVITA! 2024","item":"https:\/\/festivita.be\/nl\/festivita24\/"},{"@type":"ListItem","position":3,"name":"Programma FestiVita! 2024","item":"https:\/\/festivita.be\/nl\/festivita24\/programme\/"},{"@type":"ListItem","position":4,"name":"Winnaars Premi\u00e8re 2023. La Voix de l&#8217;\u00c2me"}]},{"@type":"WebSite","@id":"https:\/\/festivita.be\/nl\/#website","url":"https:\/\/festivita.be\/nl\/","name":"FestiVita!","description":"Brussels Early Music Festival","publisher":{"@id":"https:\/\/festivita.be\/nl\/#organization"},"potentialAction":[{"@type":"SearchAction","target":{"@type":"EntryPoint","urlTemplate":"https:\/\/festivita.be\/nl\/?s={search_term_string}"},"query-input":{"@type":"PropertyValueSpecification","valueRequired":true,"valueName":"search_term_string"}}],"inLanguage":"nl-NL"},{"@type":"Organization","@id":"https:\/\/festivita.be\/nl\/#organization","name":"Festivita","url":"https:\/\/festivita.be\/nl\/","logo":{"@type":"ImageObject","inLanguage":"nl-NL","@id":"https:\/\/festivita.be\/nl\/#\/schema\/logo\/image\/","url":"https:\/\/festivita.be\/wp-content\/uploads\/2020\/10\/festivita-2-logo.jpg","contentUrl":"https:\/\/festivita.be\/wp-content\/uploads\/2020\/10\/festivita-2-logo.jpg","width":887,"height":400,"caption":"Festivita"},"image":{"@id":"https:\/\/festivita.be\/nl\/#\/schema\/logo\/image\/"},"sameAs":["https:\/\/www.facebook.com\/FestiVita-Brussels-Early-Music-Festival-102508725164674\/about\/?ref=page_internal","https:\/\/www.instagram.com\/festivita_be\/","https:\/\/www.youtube.com\/channel\/UC_hlu4NfyE2QYXIYy-3EiVQ"]}]}},"_links":{"self":[{"href":"https:\/\/festivita.be\/nl\/wp-json\/wp\/v2\/pages\/38535","targetHints":{"allow":["GET"]}}],"collection":[{"href":"https:\/\/festivita.be\/nl\/wp-json\/wp\/v2\/pages"}],"about":[{"href":"https:\/\/festivita.be\/nl\/wp-json\/wp\/v2\/types\/page"}],"author":[{"embeddable":true,"href":"https:\/\/festivita.be\/nl\/wp-json\/wp\/v2\/users\/2"}],"replies":[{"embeddable":true,"href":"https:\/\/festivita.be\/nl\/wp-json\/wp\/v2\/comments?post=38535"}],"version-history":[{"count":5,"href":"https:\/\/festivita.be\/nl\/wp-json\/wp\/v2\/pages\/38535\/revisions"}],"predecessor-version":[{"id":38689,"href":"https:\/\/festivita.be\/nl\/wp-json\/wp\/v2\/pages\/38535\/revisions\/38689"}],"up":[{"embeddable":true,"href":"https:\/\/festivita.be\/nl\/wp-json\/wp\/v2\/pages\/38502"}],"wp:attachment":[{"href":"https:\/\/festivita.be\/nl\/wp-json\/wp\/v2\/media?parent=38535"}],"curies":[{"name":"wp","href":"https:\/\/api.w.org\/{rel}","templated":true}]}}