{"id":40107,"date":"2024-11-10T09:07:02","date_gmt":"2024-11-10T08:07:02","guid":{"rendered":"https:\/\/festivita.be\/?page_id=40107"},"modified":"2025-01-08T19:05:55","modified_gmt":"2025-01-08T18:05:55","slug":"venetiaans-gemaskerd-bal","status":"publish","type":"page","link":"https:\/\/festivita.be\/nl\/festivita-2025\/programma-festivita-2025\/venetiaans-gemaskerd-bal\/","title":{"rendered":"VENETIAANS GEMASKERD BAL"},"content":{"rendered":"\n<h4 class=\"wp-block-heading has-text-align-center\" id=\"h-18-0220-30-22-00\">Zaterdag 22 februari<br>18:00<\/h4>\n\n\n\n<div style=\"height:25px\" aria-hidden=\"true\" class=\"wp-block-spacer\"><\/div>\n\n\n\n<figure class=\"wp-block-image size-large\"><img loading=\"lazy\" decoding=\"async\" width=\"1024\" height=\"683\" src=\"https:\/\/festivita.be\/wp-content\/uploads\/2024\/10\/Bal-copyright-Malou-Van-Den-Heuvel-26-1024x683.jpg\" alt=\"festivita-bal\" class=\"wp-image-39966\" srcset=\"https:\/\/festivita.be\/wp-content\/uploads\/2024\/10\/Bal-copyright-Malou-Van-Den-Heuvel-26-1024x683.jpg 1024w, https:\/\/festivita.be\/wp-content\/uploads\/2024\/10\/Bal-copyright-Malou-Van-Den-Heuvel-26-300x200.jpg 300w, https:\/\/festivita.be\/wp-content\/uploads\/2024\/10\/Bal-copyright-Malou-Van-Den-Heuvel-26-768x512.jpg 768w, https:\/\/festivita.be\/wp-content\/uploads\/2024\/10\/Bal-copyright-Malou-Van-Den-Heuvel-26-1536x1024.jpg 1536w, https:\/\/festivita.be\/wp-content\/uploads\/2024\/10\/Bal-copyright-Malou-Van-Den-Heuvel-26-2048x1365.jpg 2048w\" sizes=\"auto, (max-width: 1024px) 100vw, 1024px\" \/><figcaption class=\"wp-element-caption\">\u00a9Malou Van den Heuvel<\/figcaption><\/figure>\n\n\n\n<p>Studenten van de afdeling oude muziek van het Conservatoire royale de Bruxelles, zetten je aan het dansen, onder leiding van dansmeester Lieven Baert, die je laat kennismaken met de historische choreografie\u00ebn.<\/p>\n\n\n\n<p>Tijdens dit sfeervol samenzijn, onder de grote kroonluchters van de Caryatiden-zaal, waan je je op het Carnaval in Veneti\u00eb!&nbsp;<\/p>\n\n\n\n<p>Maskers ten zeerste aanbevolen.<\/p>\n\n\n\n<p class=\"has-text-align-right\"><strong>Lieven Baert &amp; Doris von der Aue<\/strong>, choreografie &amp; dans<\/p>\n\n\n\n<p class=\"has-text-align-right\"><strong>Erzs\u00e9bet Cobut, Nastassja Ristau, No\u00e9mie Murach, Noam Shpilman<\/strong> blokfluit<br><strong>Chiamo Kuwasako, Machi Kikuoka<\/strong> traverso<br><strong>Maria Ixchel Ruiz Xoxotla, Cecilia Rezaval, Eve Cobut, Luis Terenzi<\/strong> viool<br><strong>Halyna Lozynska, Eolia Cypriani, Anne-Laure Pignard, Hiroki Nagase<\/strong> cello<br><strong>Katarzyna Martynuska<\/strong> violone<br>Studenten van het Conservatoire royal de Bruxelles,<br>afdeling oude muziek, onder leiding van <strong>Laura Pok<\/strong><br><\/p>\n\n\n<div class=\"wp-block-image\">\n<figure class=\"aligncenter size-large is-resized\"><img loading=\"lazy\" decoding=\"async\" width=\"1024\" height=\"683\" src=\"http:\/\/festivita.be\/wp-content\/uploads\/2022\/03\/festivita-2022-bal-renaissance-lieven-baert-web-6-1024x683.jpg\" alt=\"\u00a9Malou Van den Heuvel\" class=\"wp-image-34201\" style=\"aspect-ratio:1.499267935578331;width:514px;height:auto\" srcset=\"https:\/\/festivita.be\/wp-content\/uploads\/2022\/03\/festivita-2022-bal-renaissance-lieven-baert-web-6-1024x683.jpg 1024w, https:\/\/festivita.be\/wp-content\/uploads\/2022\/03\/festivita-2022-bal-renaissance-lieven-baert-web-6-300x200.jpg 300w, https:\/\/festivita.be\/wp-content\/uploads\/2022\/03\/festivita-2022-bal-renaissance-lieven-baert-web-6-768x512.jpg 768w, https:\/\/festivita.be\/wp-content\/uploads\/2022\/03\/festivita-2022-bal-renaissance-lieven-baert-web-6-1536x1024.jpg 1536w, https:\/\/festivita.be\/wp-content\/uploads\/2022\/03\/festivita-2022-bal-renaissance-lieven-baert-web-6-2048x1365.jpg 2048w\" sizes=\"auto, (max-width: 1024px) 100vw, 1024px\" \/><figcaption class=\"wp-element-caption\">\u00a9Malou Van den Heuvel<\/figcaption><\/figure><\/div>\n\n\n<p class=\"has-text-align-right\"><\/p>\n\n\n\n<h3 class=\"wp-block-heading\">Lieven Baert<\/h3>\n\n\n\n<p>Lieven Baert is professioneel choreograaf, dansdocent, performer en theaterregisseur. Tijdens zijn 30-jarige carri\u00e8re danste, choreografeerde en regisseerde hij oude dansprodukties in Duitsland, Oostenrijk, Spanje, Itali\u00eb, Zweden, het Verenigd Koninkrijk en Nederland, Japan, Mexico, Rusland en de Verenigde Staten. Hij was gastprofessor aan de Universiteit van Stockholm en Stanford University in de Verenigde Staten en doceert sinds 2003 historische dans aan de Universiteit van Madrid Rey Juan Carlos. Sinds 1997 is hij de choreograaf van Landshuter Hochzeit 1475, het grootste historisch festival van Duitsland. Sinds 2003 is hij ook de vaste directeur van het Brusselse Operettentheater. Bovendien werkt hij aan outreach- en jeugdprogramma&#8217;s voor de Koninklijke Balletschool van Belgi\u00eb en de Koninklijke Vlaamse Opera.<\/p>\n\n\n\n<h3 class=\"wp-block-heading\">Doris von der Aue<\/h3>\n\n\n\n<p><strong>Doris von der Aue<\/strong>, die&nbsp;in Duitsland geboren is, heeft ballet en hedendaagse dans gestudeerd aan de Folkwang Hochschule Essen (Duitsland), het Hamburger Tanztheater en de Rotterdamse Dansacademie.<\/p>\n\n\n\n<p>Tijdens haar opleiding heeft ze zich gespecialiseerd in historische dans bij Vera Baris.<\/p>\n\n\n\n<p>Sindsdien heeft zij&nbsp;in Europa gewerkt als danseres, choreografe en docente en opgetreden in opera&#8217;s, dansvoorstellingen en concerten met diverse gerenommeerde orkesten en choreografen.Doris von der Aue woont nu in Nederland, waar zij niet alleen als danseres werkt, maar ook als paardentandarts aan de slag is.<\/p>\n\n\n\n<p><a href=\"https:\/\/festivita.be\/nl\/festivita-2025\/ticket-prices\/\"><strong>Tarieven: <\/strong><br>Voorverkoop: 25\u20ac\/10\u20ac<br>Verkoop: 30\u20ac\/15\u20ac<\/a><\/p>\n\n\n\n<div class=\"wp-block-group\"><div class=\"wp-block-group__inner-container is-layout-constrained wp-block-group-is-layout-constrained\">\n<h3 class=\"wp-block-heading\">Tutoriels<\/h3>\n\n\n\n<p>Suivez les danses du bal gr\u00e2ce \u00e0 nos tutoriels pr\u00e9par\u00e9s par notre ma\u00eetre \u00e0 danser Lieven Baert et Josephine Schreibers. Vous pouvez aussi acc\u00e9der \u00e0 la playlist <a href=\"https:\/\/www.youtube.com\/playlist?list=PLz-nO5jxr11-yABP2FVPYWhjzUlZ4Mouh\">ici<\/a>.<\/p>\n\n\n\n<div class=\"wp-block-columns is-layout-flex wp-container-core-columns-is-layout-9d6595d7 wp-block-columns-is-layout-flex\">\n<div class=\"wp-block-column is-layout-flow wp-block-column-is-layout-flow\">\n<figure class=\"wp-block-embed is-type-video is-provider-youtube wp-block-embed-youtube wp-embed-aspect-16-9 wp-has-aspect-ratio\"><div class=\"wp-block-embed__wrapper\">\n<iframe loading=\"lazy\" title=\"Tutoriel danse Renaissance : 1. Le double\" width=\"640\" height=\"360\" src=\"https:\/\/www.youtube.com\/embed\/QTCS0xee9eo?list=PLz-nO5jxr11-yABP2FVPYWhjzUlZ4Mouh\" frameborder=\"0\" allow=\"accelerometer; autoplay; clipboard-write; encrypted-media; gyroscope; picture-in-picture; web-share\" referrerpolicy=\"strict-origin-when-cross-origin\" allowfullscreen><\/iframe>\n<\/div><figcaption class=\"wp-element-caption\">1. Le Double<\/figcaption><\/figure>\n<\/div>\n\n\n\n<div class=\"wp-block-column is-layout-flow wp-block-column-is-layout-flow\">\n<figure class=\"wp-block-embed is-type-video is-provider-youtube wp-block-embed-youtube wp-embed-aspect-16-9 wp-has-aspect-ratio\"><div class=\"wp-block-embed__wrapper\">\n<iframe loading=\"lazy\" title=\"Tutoriel danse Renaissance : 2. Combinaison double - simple\" width=\"640\" height=\"360\" src=\"https:\/\/www.youtube.com\/embed\/0Y9pbFHF9YA?list=PLz-nO5jxr11-yABP2FVPYWhjzUlZ4Mouh\" frameborder=\"0\" allow=\"accelerometer; autoplay; clipboard-write; encrypted-media; gyroscope; picture-in-picture; web-share\" referrerpolicy=\"strict-origin-when-cross-origin\" allowfullscreen><\/iframe>\n<\/div><figcaption class=\"wp-element-caption\">2. Combinaison Double \/ Simple<\/figcaption><\/figure>\n<\/div>\n\n\n\n<div class=\"wp-block-column is-layout-flow wp-block-column-is-layout-flow\">\n<figure class=\"wp-block-embed is-type-video is-provider-youtube wp-block-embed-youtube wp-embed-aspect-16-9 wp-has-aspect-ratio\"><div class=\"wp-block-embed__wrapper\">\n<iframe loading=\"lazy\" title=\"Tutoriel danse Renaissance : 3. La Pavane\" width=\"640\" height=\"360\" src=\"https:\/\/www.youtube.com\/embed\/FVb-PRZnNKM?list=PLz-nO5jxr11-yABP2FVPYWhjzUlZ4Mouh\" frameborder=\"0\" allow=\"accelerometer; autoplay; clipboard-write; encrypted-media; gyroscope; picture-in-picture; web-share\" referrerpolicy=\"strict-origin-when-cross-origin\" allowfullscreen><\/iframe>\n<\/div><figcaption class=\"wp-element-caption\">3. La Pavane<\/figcaption><\/figure>\n<\/div>\n<\/div>\n\n\n\n<div class=\"wp-block-columns is-layout-flex wp-container-core-columns-is-layout-9d6595d7 wp-block-columns-is-layout-flex\">\n<div class=\"wp-block-column is-layout-flow wp-block-column-is-layout-flow\">\n<figure class=\"wp-block-embed is-type-video is-provider-youtube wp-block-embed-youtube wp-embed-aspect-16-9 wp-has-aspect-ratio\"><div class=\"wp-block-embed__wrapper\">\n<iframe loading=\"lazy\" title=\"Tutoriel danse Renaissance : 4. Le Chass\u00e9\" width=\"640\" height=\"360\" src=\"https:\/\/www.youtube.com\/embed\/N4suQWvHjwU?list=PLz-nO5jxr11-yABP2FVPYWhjzUlZ4Mouh\" frameborder=\"0\" allow=\"accelerometer; autoplay; clipboard-write; encrypted-media; gyroscope; picture-in-picture; web-share\" referrerpolicy=\"strict-origin-when-cross-origin\" allowfullscreen><\/iframe>\n<\/div><figcaption class=\"wp-element-caption\">4. Le Chass\u00e9<\/figcaption><\/figure>\n<\/div>\n\n\n\n<div class=\"wp-block-column is-layout-flow wp-block-column-is-layout-flow\">\n<figure class=\"wp-block-embed is-type-video is-provider-youtube wp-block-embed-youtube wp-embed-aspect-16-9 wp-has-aspect-ratio\"><div class=\"wp-block-embed__wrapper\">\n<iframe loading=\"lazy\" title=\"Tutoriel danse Renaissance : 5. Le Set &amp; Turn\" width=\"640\" height=\"360\" src=\"https:\/\/www.youtube.com\/embed\/DlgiljQYg_w?list=PLz-nO5jxr11-yABP2FVPYWhjzUlZ4Mouh\" frameborder=\"0\" allow=\"accelerometer; autoplay; clipboard-write; encrypted-media; gyroscope; picture-in-picture; web-share\" referrerpolicy=\"strict-origin-when-cross-origin\" allowfullscreen><\/iframe>\n<\/div><figcaption class=\"wp-element-caption\">5. Le Set &amp; Turn<\/figcaption><\/figure>\n<\/div>\n\n\n\n<div class=\"wp-block-column is-layout-flow wp-block-column-is-layout-flow\">\n<figure class=\"wp-block-embed is-type-video is-provider-youtube wp-block-embed-youtube wp-embed-aspect-16-9 wp-has-aspect-ratio\"><div class=\"wp-block-embed__wrapper\">\n<iframe loading=\"lazy\" title=\"Tutoriel danse Renaissance : 6. Le Pas Saut\u00e9\" width=\"640\" height=\"360\" src=\"https:\/\/www.youtube.com\/embed\/bkXy--8EVIE?list=PLz-nO5jxr11-yABP2FVPYWhjzUlZ4Mouh\" frameborder=\"0\" allow=\"accelerometer; autoplay; clipboard-write; encrypted-media; gyroscope; picture-in-picture; web-share\" referrerpolicy=\"strict-origin-when-cross-origin\" allowfullscreen><\/iframe>\n<\/div><figcaption class=\"wp-element-caption\">6. Le Pas Saut\u00e9<\/figcaption><\/figure>\n<\/div>\n<\/div>\n\n\n\n<div class=\"wp-block-columns is-layout-flex wp-container-core-columns-is-layout-9d6595d7 wp-block-columns-is-layout-flex\">\n<div class=\"wp-block-column is-layout-flow wp-block-column-is-layout-flow\">\n<figure class=\"wp-block-embed is-type-video is-provider-youtube wp-block-embed-youtube wp-embed-aspect-16-9 wp-has-aspect-ratio\"><div class=\"wp-block-embed__wrapper\">\n<iframe loading=\"lazy\" title=\"Tutoriel danse Renaissance : 7. Le Pas de Gaillarde\" width=\"640\" height=\"360\" src=\"https:\/\/www.youtube.com\/embed\/cCN5WEdpKHg?list=PLz-nO5jxr11-yABP2FVPYWhjzUlZ4Mouh\" frameborder=\"0\" allow=\"accelerometer; autoplay; clipboard-write; encrypted-media; gyroscope; picture-in-picture; web-share\" referrerpolicy=\"strict-origin-when-cross-origin\" allowfullscreen><\/iframe>\n<\/div><figcaption class=\"wp-element-caption\">7. Le Pas de Gaillarde<\/figcaption><\/figure>\n<\/div>\n\n\n\n<div class=\"wp-block-column is-layout-flow wp-block-column-is-layout-flow\">\n<figure class=\"wp-block-embed is-type-video is-provider-youtube wp-block-embed-youtube wp-embed-aspect-16-9 wp-has-aspect-ratio\"><div class=\"wp-block-embed__wrapper\">\n<iframe loading=\"lazy\" title=\"Tutoriel danse Renaissance : 8. Le Canario\" width=\"640\" height=\"360\" src=\"https:\/\/www.youtube.com\/embed\/jw4Un07prPg?list=PLz-nO5jxr11-yABP2FVPYWhjzUlZ4Mouh\" frameborder=\"0\" allow=\"accelerometer; autoplay; clipboard-write; encrypted-media; gyroscope; picture-in-picture; web-share\" referrerpolicy=\"strict-origin-when-cross-origin\" allowfullscreen><\/iframe>\n<\/div><figcaption class=\"wp-element-caption\">8. Le Canario<\/figcaption><\/figure>\n<\/div>\n\n\n\n<div class=\"wp-block-column is-layout-flow wp-block-column-is-layout-flow\">\n<figure class=\"wp-block-embed is-type-video is-provider-youtube wp-block-embed-youtube wp-embed-aspect-16-9 wp-has-aspect-ratio\"><div class=\"wp-block-embed__wrapper\">\n<iframe loading=\"lazy\" title=\"Tutoriel danse Renaissance : 9. Cast in - Cast out &amp; Conclusion\" width=\"640\" height=\"360\" src=\"https:\/\/www.youtube.com\/embed\/RYqHzI1JSSM?list=PLz-nO5jxr11-yABP2FVPYWhjzUlZ4Mouh\" frameborder=\"0\" allow=\"accelerometer; autoplay; clipboard-write; encrypted-media; gyroscope; picture-in-picture; web-share\" referrerpolicy=\"strict-origin-when-cross-origin\" allowfullscreen><\/iframe>\n<\/div><figcaption class=\"wp-element-caption\">9. Cast in &#8211; Cast out &amp; Conclusion<\/figcaption><\/figure>\n<\/div>\n<\/div>\n<\/div><\/div>\n","protected":false},"excerpt":{"rendered":"<p>Zaterdag 22 februari18:00 Studenten van de afdeling oude muziek van het Conservatoire royale de Bruxelles, zetten je aan het dansen, onder leiding van dansmeester Lieven Baert, die je laat kennismaken met de historische choreografie\u00ebn. Tijdens dit sfeervol samenzijn, onder de grote kroonluchters van de Caryatiden-zaal, waan je je op het Carnaval in Veneti\u00eb!&nbsp; Maskers ten [&hellip;]<\/p>\n","protected":false},"author":2,"featured_media":0,"parent":39953,"menu_order":7,"comment_status":"closed","ping_status":"closed","template":"","meta":{"_acf_changed":false,"_themeisle_gutenberg_block_has_review":false,"footnotes":""},"class_list":["post-40107","page","type-page","status-publish","hentry"],"acf":[],"yoast_head":"<!-- This site is optimized with the Yoast SEO plugin v27.2 - https:\/\/yoast.com\/product\/yoast-seo-wordpress\/ -->\n<title>VENETIAANS GEMASKERD BAL - FestiVita!<\/title>\n<meta name=\"robots\" content=\"index, follow, max-snippet:-1, max-image-preview:large, max-video-preview:-1\" \/>\n<link rel=\"canonical\" href=\"https:\/\/festivita.be\/nl\/festivita-2025\/programma-festivita-2025\/venetiaans-gemaskerd-bal\/\" \/>\n<meta property=\"og:locale\" content=\"nl_NL\" \/>\n<meta property=\"og:type\" content=\"article\" \/>\n<meta property=\"og:title\" content=\"VENETIAANS GEMASKERD BAL - FestiVita!\" \/>\n<meta property=\"og:description\" content=\"Zaterdag 22 februari18:00 Studenten van de afdeling oude muziek van het Conservatoire royale de Bruxelles, zetten je aan het dansen, onder leiding van dansmeester Lieven Baert, die je laat kennismaken met de historische choreografie\u00ebn. Tijdens dit sfeervol samenzijn, onder de grote kroonluchters van de Caryatiden-zaal, waan je je op het Carnaval in Veneti\u00eb!&nbsp; Maskers ten [&hellip;]\" \/>\n<meta property=\"og:url\" content=\"https:\/\/festivita.be\/nl\/festivita-2025\/programma-festivita-2025\/venetiaans-gemaskerd-bal\/\" \/>\n<meta property=\"og:site_name\" content=\"FestiVita!\" \/>\n<meta property=\"article:publisher\" content=\"https:\/\/www.facebook.com\/FestiVita-Brussels-Early-Music-Festival-102508725164674\/about\/?ref=page_internal\" \/>\n<meta property=\"article:modified_time\" content=\"2025-01-08T18:05:55+00:00\" \/>\n<meta property=\"og:image\" content=\"https:\/\/festivita.be\/wp-content\/uploads\/2024\/10\/Bal-copyright-Malou-Van-Den-Heuvel-26-scaled.jpg\" \/>\n\t<meta property=\"og:image:width\" content=\"2560\" \/>\n\t<meta property=\"og:image:height\" content=\"1707\" \/>\n\t<meta property=\"og:image:type\" content=\"image\/jpeg\" \/>\n<meta name=\"twitter:card\" content=\"summary_large_image\" \/>\n<meta name=\"twitter:label1\" content=\"Geschatte leestijd\" \/>\n\t<meta name=\"twitter:data1\" content=\"3 minuten\" \/>\n<script type=\"application\/ld+json\" class=\"yoast-schema-graph\">{\"@context\":\"https:\/\/schema.org\",\"@graph\":[{\"@type\":\"WebPage\",\"@id\":\"https:\/\/festivita.be\/nl\/festivita-2025\/programma-festivita-2025\/venetiaans-gemaskerd-bal\/\",\"url\":\"https:\/\/festivita.be\/nl\/festivita-2025\/programma-festivita-2025\/venetiaans-gemaskerd-bal\/\",\"name\":\"VENETIAANS GEMASKERD BAL - FestiVita!\",\"isPartOf\":{\"@id\":\"https:\/\/festivita.be\/nl\/#website\"},\"primaryImageOfPage\":{\"@id\":\"https:\/\/festivita.be\/nl\/festivita-2025\/programma-festivita-2025\/venetiaans-gemaskerd-bal\/#primaryimage\"},\"image\":{\"@id\":\"https:\/\/festivita.be\/nl\/festivita-2025\/programma-festivita-2025\/venetiaans-gemaskerd-bal\/#primaryimage\"},\"thumbnailUrl\":\"https:\/\/festivita.be\/wp-content\/uploads\/2024\/10\/Bal-copyright-Malou-Van-Den-Heuvel-26-1024x683.jpg\",\"datePublished\":\"2024-11-10T08:07:02+00:00\",\"dateModified\":\"2025-01-08T18:05:55+00:00\",\"breadcrumb\":{\"@id\":\"https:\/\/festivita.be\/nl\/festivita-2025\/programma-festivita-2025\/venetiaans-gemaskerd-bal\/#breadcrumb\"},\"inLanguage\":\"nl-NL\",\"potentialAction\":[{\"@type\":\"ReadAction\",\"target\":[\"https:\/\/festivita.be\/nl\/festivita-2025\/programma-festivita-2025\/venetiaans-gemaskerd-bal\/\"]}]},{\"@type\":\"ImageObject\",\"inLanguage\":\"nl-NL\",\"@id\":\"https:\/\/festivita.be\/nl\/festivita-2025\/programma-festivita-2025\/venetiaans-gemaskerd-bal\/#primaryimage\",\"url\":\"https:\/\/festivita.be\/wp-content\/uploads\/2024\/10\/Bal-copyright-Malou-Van-Den-Heuvel-26-1024x683.jpg\",\"contentUrl\":\"https:\/\/festivita.be\/wp-content\/uploads\/2024\/10\/Bal-copyright-Malou-Van-Den-Heuvel-26-1024x683.jpg\"},{\"@type\":\"BreadcrumbList\",\"@id\":\"https:\/\/festivita.be\/nl\/festivita-2025\/programma-festivita-2025\/venetiaans-gemaskerd-bal\/#breadcrumb\",\"itemListElement\":[{\"@type\":\"ListItem\",\"position\":1,\"name\":\"Accueil\",\"item\":\"https:\/\/festivita.be\/nl\/\"},{\"@type\":\"ListItem\",\"position\":2,\"name\":\"FESTIVITA! 2025\",\"item\":\"https:\/\/festivita.be\/nl\/festivita-2025\/\"},{\"@type\":\"ListItem\",\"position\":3,\"name\":\"Programma FestiVita! 2025\",\"item\":\"https:\/\/festivita.be\/nl\/festivita-2025\/programma-festivita-2025\/\"},{\"@type\":\"ListItem\",\"position\":4,\"name\":\"VENETIAANS GEMASKERD BAL\"}]},{\"@type\":\"WebSite\",\"@id\":\"https:\/\/festivita.be\/nl\/#website\",\"url\":\"https:\/\/festivita.be\/nl\/\",\"name\":\"FestiVita!\",\"description\":\"Brussels Early Music Festival\",\"publisher\":{\"@id\":\"https:\/\/festivita.be\/nl\/#organization\"},\"potentialAction\":[{\"@type\":\"SearchAction\",\"target\":{\"@type\":\"EntryPoint\",\"urlTemplate\":\"https:\/\/festivita.be\/nl\/?s={search_term_string}\"},\"query-input\":{\"@type\":\"PropertyValueSpecification\",\"valueRequired\":true,\"valueName\":\"search_term_string\"}}],\"inLanguage\":\"nl-NL\"},{\"@type\":\"Organization\",\"@id\":\"https:\/\/festivita.be\/nl\/#organization\",\"name\":\"Festivita\",\"url\":\"https:\/\/festivita.be\/nl\/\",\"logo\":{\"@type\":\"ImageObject\",\"inLanguage\":\"nl-NL\",\"@id\":\"https:\/\/festivita.be\/nl\/#\/schema\/logo\/image\/\",\"url\":\"https:\/\/festivita.be\/wp-content\/uploads\/2020\/10\/festivita-2-logo.jpg\",\"contentUrl\":\"https:\/\/festivita.be\/wp-content\/uploads\/2020\/10\/festivita-2-logo.jpg\",\"width\":887,\"height\":400,\"caption\":\"Festivita\"},\"image\":{\"@id\":\"https:\/\/festivita.be\/nl\/#\/schema\/logo\/image\/\"},\"sameAs\":[\"https:\/\/www.facebook.com\/FestiVita-Brussels-Early-Music-Festival-102508725164674\/about\/?ref=page_internal\",\"https:\/\/www.instagram.com\/festivita_be\/\",\"https:\/\/www.youtube.com\/channel\/UC_hlu4NfyE2QYXIYy-3EiVQ\"]}]}<\/script>\n<!-- \/ Yoast SEO plugin. -->","yoast_head_json":{"title":"VENETIAANS GEMASKERD BAL - FestiVita!","robots":{"index":"index","follow":"follow","max-snippet":"max-snippet:-1","max-image-preview":"max-image-preview:large","max-video-preview":"max-video-preview:-1"},"canonical":"https:\/\/festivita.be\/nl\/festivita-2025\/programma-festivita-2025\/venetiaans-gemaskerd-bal\/","og_locale":"nl_NL","og_type":"article","og_title":"VENETIAANS GEMASKERD BAL - FestiVita!","og_description":"Zaterdag 22 februari18:00 Studenten van de afdeling oude muziek van het Conservatoire royale de Bruxelles, zetten je aan het dansen, onder leiding van dansmeester Lieven Baert, die je laat kennismaken met de historische choreografie\u00ebn. Tijdens dit sfeervol samenzijn, onder de grote kroonluchters van de Caryatiden-zaal, waan je je op het Carnaval in Veneti\u00eb!&nbsp; Maskers ten [&hellip;]","og_url":"https:\/\/festivita.be\/nl\/festivita-2025\/programma-festivita-2025\/venetiaans-gemaskerd-bal\/","og_site_name":"FestiVita!","article_publisher":"https:\/\/www.facebook.com\/FestiVita-Brussels-Early-Music-Festival-102508725164674\/about\/?ref=page_internal","article_modified_time":"2025-01-08T18:05:55+00:00","og_image":[{"width":2560,"height":1707,"url":"https:\/\/festivita.be\/wp-content\/uploads\/2024\/10\/Bal-copyright-Malou-Van-Den-Heuvel-26-scaled.jpg","type":"image\/jpeg"}],"twitter_card":"summary_large_image","twitter_misc":{"Geschatte leestijd":"3 minuten"},"schema":{"@context":"https:\/\/schema.org","@graph":[{"@type":"WebPage","@id":"https:\/\/festivita.be\/nl\/festivita-2025\/programma-festivita-2025\/venetiaans-gemaskerd-bal\/","url":"https:\/\/festivita.be\/nl\/festivita-2025\/programma-festivita-2025\/venetiaans-gemaskerd-bal\/","name":"VENETIAANS GEMASKERD BAL - FestiVita!","isPartOf":{"@id":"https:\/\/festivita.be\/nl\/#website"},"primaryImageOfPage":{"@id":"https:\/\/festivita.be\/nl\/festivita-2025\/programma-festivita-2025\/venetiaans-gemaskerd-bal\/#primaryimage"},"image":{"@id":"https:\/\/festivita.be\/nl\/festivita-2025\/programma-festivita-2025\/venetiaans-gemaskerd-bal\/#primaryimage"},"thumbnailUrl":"https:\/\/festivita.be\/wp-content\/uploads\/2024\/10\/Bal-copyright-Malou-Van-Den-Heuvel-26-1024x683.jpg","datePublished":"2024-11-10T08:07:02+00:00","dateModified":"2025-01-08T18:05:55+00:00","breadcrumb":{"@id":"https:\/\/festivita.be\/nl\/festivita-2025\/programma-festivita-2025\/venetiaans-gemaskerd-bal\/#breadcrumb"},"inLanguage":"nl-NL","potentialAction":[{"@type":"ReadAction","target":["https:\/\/festivita.be\/nl\/festivita-2025\/programma-festivita-2025\/venetiaans-gemaskerd-bal\/"]}]},{"@type":"ImageObject","inLanguage":"nl-NL","@id":"https:\/\/festivita.be\/nl\/festivita-2025\/programma-festivita-2025\/venetiaans-gemaskerd-bal\/#primaryimage","url":"https:\/\/festivita.be\/wp-content\/uploads\/2024\/10\/Bal-copyright-Malou-Van-Den-Heuvel-26-1024x683.jpg","contentUrl":"https:\/\/festivita.be\/wp-content\/uploads\/2024\/10\/Bal-copyright-Malou-Van-Den-Heuvel-26-1024x683.jpg"},{"@type":"BreadcrumbList","@id":"https:\/\/festivita.be\/nl\/festivita-2025\/programma-festivita-2025\/venetiaans-gemaskerd-bal\/#breadcrumb","itemListElement":[{"@type":"ListItem","position":1,"name":"Accueil","item":"https:\/\/festivita.be\/nl\/"},{"@type":"ListItem","position":2,"name":"FESTIVITA! 2025","item":"https:\/\/festivita.be\/nl\/festivita-2025\/"},{"@type":"ListItem","position":3,"name":"Programma FestiVita! 2025","item":"https:\/\/festivita.be\/nl\/festivita-2025\/programma-festivita-2025\/"},{"@type":"ListItem","position":4,"name":"VENETIAANS GEMASKERD BAL"}]},{"@type":"WebSite","@id":"https:\/\/festivita.be\/nl\/#website","url":"https:\/\/festivita.be\/nl\/","name":"FestiVita!","description":"Brussels Early Music Festival","publisher":{"@id":"https:\/\/festivita.be\/nl\/#organization"},"potentialAction":[{"@type":"SearchAction","target":{"@type":"EntryPoint","urlTemplate":"https:\/\/festivita.be\/nl\/?s={search_term_string}"},"query-input":{"@type":"PropertyValueSpecification","valueRequired":true,"valueName":"search_term_string"}}],"inLanguage":"nl-NL"},{"@type":"Organization","@id":"https:\/\/festivita.be\/nl\/#organization","name":"Festivita","url":"https:\/\/festivita.be\/nl\/","logo":{"@type":"ImageObject","inLanguage":"nl-NL","@id":"https:\/\/festivita.be\/nl\/#\/schema\/logo\/image\/","url":"https:\/\/festivita.be\/wp-content\/uploads\/2020\/10\/festivita-2-logo.jpg","contentUrl":"https:\/\/festivita.be\/wp-content\/uploads\/2020\/10\/festivita-2-logo.jpg","width":887,"height":400,"caption":"Festivita"},"image":{"@id":"https:\/\/festivita.be\/nl\/#\/schema\/logo\/image\/"},"sameAs":["https:\/\/www.facebook.com\/FestiVita-Brussels-Early-Music-Festival-102508725164674\/about\/?ref=page_internal","https:\/\/www.instagram.com\/festivita_be\/","https:\/\/www.youtube.com\/channel\/UC_hlu4NfyE2QYXIYy-3EiVQ"]}]}},"_links":{"self":[{"href":"https:\/\/festivita.be\/nl\/wp-json\/wp\/v2\/pages\/40107","targetHints":{"allow":["GET"]}}],"collection":[{"href":"https:\/\/festivita.be\/nl\/wp-json\/wp\/v2\/pages"}],"about":[{"href":"https:\/\/festivita.be\/nl\/wp-json\/wp\/v2\/types\/page"}],"author":[{"embeddable":true,"href":"https:\/\/festivita.be\/nl\/wp-json\/wp\/v2\/users\/2"}],"replies":[{"embeddable":true,"href":"https:\/\/festivita.be\/nl\/wp-json\/wp\/v2\/comments?post=40107"}],"version-history":[{"count":9,"href":"https:\/\/festivita.be\/nl\/wp-json\/wp\/v2\/pages\/40107\/revisions"}],"predecessor-version":[{"id":40678,"href":"https:\/\/festivita.be\/nl\/wp-json\/wp\/v2\/pages\/40107\/revisions\/40678"}],"up":[{"embeddable":true,"href":"https:\/\/festivita.be\/nl\/wp-json\/wp\/v2\/pages\/39953"}],"wp:attachment":[{"href":"https:\/\/festivita.be\/nl\/wp-json\/wp\/v2\/media?parent=40107"}],"curies":[{"name":"wp","href":"https:\/\/api.w.org\/{rel}","templated":true}]}}